{"id":3750,"date":"2026-02-13T20:13:20","date_gmt":"2026-02-13T19:13:20","guid":{"rendered":"https:\/\/academiabellesarts.org\/?post_type=exposicio&#038;p=3750"},"modified":"2026-03-26T19:57:53","modified_gmt":"2026-03-26T18:57:53","slug":"1925-2025","status":"publish","type":"exposicio","link":"https:\/\/academiabellesarts.org\/esp\/exposicio\/1925-2025\/","title":{"rendered":"1925 &#8211; 2025"},"content":{"rendered":"<style>.wp-block-kadence-advancedgallery .kb-gallery-type-masonry.kb-gallery-id-3750_6aa7a8-ef{margin:-5px;}.kb-gallery-type-masonry.kb-gallery-id-3750_6aa7a8-ef .kadence-blocks-gallery-item{padding:5px;}.kb-gallery-id-3750_6aa7a8-ef .kadence-blocks-gallery-item .kb-gal-image-radius, .kb-gallery-id-3750_6aa7a8-ef .kb-slide-item .kb-gal-image-radius img{border-radius:0px 0px 0px 0px;;}<\/style><div class=\"kb-gallery-wrap-id-3750_6aa7a8-ef alignnone wp-block-kadence-advancedgallery\"><ul class=\"kb-gallery-ul kb-gallery-non-static kb-gallery-type-masonry kb-masonry-init kb-gallery-id-3750_6aa7a8-ef kb-gallery-caption-style-bottom-hover kb-gallery-filter-none kb-gallery-magnific-init\" data-image-filter=\"none\" data-item-selector=\".kadence-blocks-gallery-item\" data-lightbox-caption=\"true\" data-columns-xxl=\"1\" data-columns-xl=\"1\" data-columns-md=\"1\" data-columns-sm=\"1\" data-columns-xs=\"1\" data-columns-ss=\"1\"><li class=\"kadence-blocks-gallery-item\"><div class=\"kadence-blocks-gallery-item-inner\"><figure class=\"kb-gallery-figure kb-gallery-item-has-link kadence-blocks-gallery-item-hide-caption\"><a href=\"https:\/\/academiabellesarts.org\/wp-content\/uploads\/2026\/02\/CARTELLS-FLYERS.jpg\" class=\"kb-gallery-item-link\"   role=\"button\" aria-haspopup=\"dialog\"><div class=\"kb-gal-image-radius\" style=\"max-width:1024px;\"><div class=\"kb-gallery-image-contain kadence-blocks-gallery-intrinsic\" style=\"padding-bottom:70%;\"><img loading=\"lazy\" decoding=\"async\" src=\"https:\/\/academiabellesarts.org\/wp-content\/uploads\/2026\/02\/CARTELLS-FLYERS-1024x724.jpg\" width=\"1024\" height=\"724\" alt=\"\" data-full-image=\"https:\/\/academiabellesarts.org\/wp-content\/uploads\/2026\/02\/CARTELLS-FLYERS.jpg\" data-light-image=\"https:\/\/academiabellesarts.org\/wp-content\/uploads\/2026\/02\/CARTELLS-FLYERS.jpg\" data-id=\"3751\" class=\"wp-image-3751\" srcset=\"https:\/\/academiabellesarts.org\/wp-content\/uploads\/2026\/02\/CARTELLS-FLYERS-1024x724.jpg 1024w, https:\/\/academiabellesarts.org\/wp-content\/uploads\/2026\/02\/CARTELLS-FLYERS-300x212.jpg 300w, https:\/\/academiabellesarts.org\/wp-content\/uploads\/2026\/02\/CARTELLS-FLYERS-768x543.jpg 768w, https:\/\/academiabellesarts.org\/wp-content\/uploads\/2026\/02\/CARTELLS-FLYERS-1536x1086.jpg 1536w, https:\/\/academiabellesarts.org\/wp-content\/uploads\/2026\/02\/CARTELLS-FLYERS-2048x1448.jpg 2048w, https:\/\/academiabellesarts.org\/wp-content\/uploads\/2026\/02\/CARTELLS-FLYERS-18x12.jpg 18w, https:\/\/academiabellesarts.org\/wp-content\/uploads\/2026\/02\/CARTELLS-FLYERS-600x424.jpg 600w\" sizes=\"auto, (max-width: 1024px) 100vw, 1024px\" \/><\/div><\/div><\/a><\/figure><\/div><\/li><\/ul><\/div>\n\n\n<p><\/p>","protected":false},"featured_media":3751,"parent":0,"menu_order":2,"template":"","meta":{"_acf_changed":false,"_kad_blocks_custom_css":"","_kad_blocks_head_custom_js":"","_kad_blocks_body_custom_js":"","_kad_blocks_footer_custom_js":"","_kad_post_transparent":"","_kad_post_title":"","_kad_post_layout":"","_kad_post_sidebar_id":"","_kad_post_content_style":"","_kad_post_vertical_padding":"","_kad_post_feature":"","_kad_post_feature_position":"","_kad_post_header":false,"_kad_post_footer":false,"_kad_post_classname":"","footnotes":""},"data":[83],"actives":[19],"class_list":["post-3750","exposicio","type-exposicio","status-publish","has-post-thumbnail","hentry","data-2025-2026","actives-exposicions-passades"],"acf":[],"yoast_head":"<!-- This site is optimized with the Yoast SEO plugin v27.2 - https:\/\/yoast.com\/product\/yoast-seo-wordpress\/ -->\n<title>1925 - 2025 - Acad\u00e8mia de Belles Arts de Sabadell FP<\/title>\n<meta name=\"description\" content=\"Per acompanyar l\u2019obra de cada un de nosaltres, pens\u00e0rem a realitzar una s\u00e8rie de peces de cer\u00e0mica de lliure format. Per aix\u00f2, ens v\u00e0rem posar d\u2019acord amb una altra ceramista, la Maria Torruella, amb qui durant alguns mesos hem treballat conjuntament decidint formes i textures.Malauradament en Benet ens va deixar just despr\u00e9s de realitzar el seu gerro, i aix\u00ed \u00e9s que hem continuat el projecte amb la voluntat que sigui al mateix temps un homenatge a ell.\" \/>\n<meta name=\"robots\" content=\"index, follow, max-snippet:-1, max-image-preview:large, max-video-preview:-1\" \/>\n<link rel=\"canonical\" href=\"https:\/\/academiabellesarts.org\/esp\/exposicio\/1925-2025\/\" \/>\n<meta property=\"og:locale\" content=\"es_ES\" \/>\n<meta property=\"og:type\" content=\"article\" \/>\n<meta property=\"og:title\" content=\"1925 - 2025 - Acad\u00e8mia de Belles Arts de Sabadell FP\" \/>\n<meta property=\"og:description\" content=\"Per acompanyar l\u2019obra de cada un de nosaltres, pens\u00e0rem a realitzar una s\u00e8rie de peces de cer\u00e0mica de lliure format. Per aix\u00f2, ens v\u00e0rem posar d\u2019acord amb una altra ceramista, la Maria Torruella, amb qui durant alguns mesos hem treballat conjuntament decidint formes i textures.Malauradament en Benet ens va deixar just despr\u00e9s de realitzar el seu gerro, i aix\u00ed \u00e9s que hem continuat el projecte amb la voluntat que sigui al mateix temps un homenatge a ell.\" \/>\n<meta property=\"og:url\" content=\"https:\/\/academiabellesarts.org\/esp\/exposicio\/1925-2025\/\" \/>\n<meta property=\"og:site_name\" content=\"Acad\u00e8mia de Belles Arts de Sabadell FP\" \/>\n<meta property=\"article:modified_time\" content=\"2026-03-26T18:57:53+00:00\" \/>\n<meta property=\"og:image\" content=\"https:\/\/academiabellesarts.org\/wp-content\/uploads\/2026\/02\/CARTELLS-FLYERS.jpg\" \/>\n\t<meta property=\"og:image:width\" content=\"2245\" \/>\n\t<meta property=\"og:image:height\" content=\"1587\" \/>\n\t<meta property=\"og:image:type\" content=\"image\/jpeg\" \/>\n<meta name=\"twitter:card\" content=\"summary_large_image\" \/>\n<meta name=\"twitter:label1\" content=\"Tiempo de lectura\" \/>\n\t<meta name=\"twitter:data1\" content=\"1 minuto\" \/>\n<script type=\"application\/ld+json\" class=\"yoast-schema-graph\">{\"@context\":\"https:\/\/schema.org\",\"@graph\":[{\"@type\":\"WebPage\",\"@id\":\"https:\/\/academiabellesarts.org\/exposicio\/1925-2025\/\",\"url\":\"https:\/\/academiabellesarts.org\/exposicio\/1925-2025\/\",\"name\":\"1925 - 2025 - Acad\u00e8mia de Belles Arts de Sabadell FP\",\"isPartOf\":{\"@id\":\"https:\/\/academiabellesarts.org\/#website\"},\"primaryImageOfPage\":{\"@id\":\"https:\/\/academiabellesarts.org\/exposicio\/1925-2025\/#primaryimage\"},\"image\":{\"@id\":\"https:\/\/academiabellesarts.org\/exposicio\/1925-2025\/#primaryimage\"},\"thumbnailUrl\":\"https:\/\/academiabellesarts.org\/wp-content\/uploads\/2026\/02\/CARTELLS-FLYERS.jpg\",\"datePublished\":\"2026-02-13T19:13:20+00:00\",\"dateModified\":\"2026-03-26T18:57:53+00:00\",\"description\":\"Per acompanyar l\u2019obra de cada un de nosaltres, pens\u00e0rem a realitzar una s\u00e8rie de peces de cer\u00e0mica de lliure format. Per aix\u00f2, ens v\u00e0rem posar d\u2019acord amb una altra ceramista, la Maria Torruella, amb qui durant alguns mesos hem treballat conjuntament decidint formes i textures.Malauradament en Benet ens va deixar just despr\u00e9s de realitzar el seu gerro, i aix\u00ed \u00e9s que hem continuat el projecte amb la voluntat que sigui al mateix temps un homenatge a ell.\",\"breadcrumb\":{\"@id\":\"https:\/\/academiabellesarts.org\/exposicio\/1925-2025\/#breadcrumb\"},\"inLanguage\":\"es\",\"potentialAction\":[{\"@type\":\"ReadAction\",\"target\":[\"https:\/\/academiabellesarts.org\/exposicio\/1925-2025\/\"]}]},{\"@type\":\"ImageObject\",\"inLanguage\":\"es\",\"@id\":\"https:\/\/academiabellesarts.org\/exposicio\/1925-2025\/#primaryimage\",\"url\":\"https:\/\/academiabellesarts.org\/wp-content\/uploads\/2026\/02\/CARTELLS-FLYERS.jpg\",\"contentUrl\":\"https:\/\/academiabellesarts.org\/wp-content\/uploads\/2026\/02\/CARTELLS-FLYERS.jpg\",\"width\":2245,\"height\":1587},{\"@type\":\"BreadcrumbList\",\"@id\":\"https:\/\/academiabellesarts.org\/exposicio\/1925-2025\/#breadcrumb\",\"itemListElement\":[{\"@type\":\"ListItem\",\"position\":1,\"name\":\"Inici\",\"item\":\"https:\/\/academiabellesarts.org\/\"},{\"@type\":\"ListItem\",\"position\":2,\"name\":\"1925 &#8211; 2025\"}]},{\"@type\":\"WebSite\",\"@id\":\"https:\/\/academiabellesarts.org\/#website\",\"url\":\"https:\/\/academiabellesarts.org\/\",\"name\":\"Acad\u00e8mia de Belles Arts de Sabadell FP\",\"description\":\"Entitat dedicada a la promoci\u00f3 i divulgaci\u00f3 de la cultura art\u00edstica local\",\"publisher\":{\"@id\":\"https:\/\/academiabellesarts.org\/#organization\"},\"potentialAction\":[{\"@type\":\"SearchAction\",\"target\":{\"@type\":\"EntryPoint\",\"urlTemplate\":\"https:\/\/academiabellesarts.org\/?s={search_term_string}\"},\"query-input\":{\"@type\":\"PropertyValueSpecification\",\"valueRequired\":true,\"valueName\":\"search_term_string\"}}],\"inLanguage\":\"es\"},{\"@type\":\"Organization\",\"@id\":\"https:\/\/academiabellesarts.org\/#organization\",\"name\":\"Acad\u00e8mia de Belles Arts de Sabadell FP\",\"url\":\"https:\/\/academiabellesarts.org\/\",\"logo\":{\"@type\":\"ImageObject\",\"inLanguage\":\"es\",\"@id\":\"https:\/\/academiabellesarts.org\/#\/schema\/logo\/image\/\",\"url\":\"https:\/\/academiabellesarts.org\/wp-content\/uploads\/2024\/03\/cropped-logos-junts.png\",\"contentUrl\":\"https:\/\/academiabellesarts.org\/wp-content\/uploads\/2024\/03\/cropped-logos-junts.png\",\"width\":3367,\"height\":960,\"caption\":\"Acad\u00e8mia de Belles Arts de Sabadell FP\"},\"image\":{\"@id\":\"https:\/\/academiabellesarts.org\/#\/schema\/logo\/image\/\"},\"sameAs\":[\"https:\/\/www.instagram.com\/academiabellesarts\/\"]}]}<\/script>\n<!-- \/ Yoast SEO plugin. -->","yoast_head_json":{"title":"1925 - 2025 - Acad\u00e8mia de Belles Arts de Sabadell FP","description":"Per acompanyar l\u2019obra de cada un de nosaltres, pens\u00e0rem a realitzar una s\u00e8rie de peces de cer\u00e0mica de lliure format. Per aix\u00f2, ens v\u00e0rem posar d\u2019acord amb una altra ceramista, la Maria Torruella, amb qui durant alguns mesos hem treballat conjuntament decidint formes i textures.Malauradament en Benet ens va deixar just despr\u00e9s de realitzar el seu gerro, i aix\u00ed \u00e9s que hem continuat el projecte amb la voluntat que sigui al mateix temps un homenatge a ell.","robots":{"index":"index","follow":"follow","max-snippet":"max-snippet:-1","max-image-preview":"max-image-preview:large","max-video-preview":"max-video-preview:-1"},"canonical":"https:\/\/academiabellesarts.org\/esp\/exposicio\/1925-2025\/","og_locale":"es_ES","og_type":"article","og_title":"1925 - 2025 - Acad\u00e8mia de Belles Arts de Sabadell FP","og_description":"Per acompanyar l\u2019obra de cada un de nosaltres, pens\u00e0rem a realitzar una s\u00e8rie de peces de cer\u00e0mica de lliure format. Per aix\u00f2, ens v\u00e0rem posar d\u2019acord amb una altra ceramista, la Maria Torruella, amb qui durant alguns mesos hem treballat conjuntament decidint formes i textures.Malauradament en Benet ens va deixar just despr\u00e9s de realitzar el seu gerro, i aix\u00ed \u00e9s que hem continuat el projecte amb la voluntat que sigui al mateix temps un homenatge a ell.","og_url":"https:\/\/academiabellesarts.org\/esp\/exposicio\/1925-2025\/","og_site_name":"Acad\u00e8mia de Belles Arts de Sabadell FP","article_modified_time":"2026-03-26T18:57:53+00:00","og_image":[{"width":2245,"height":1587,"url":"https:\/\/academiabellesarts.org\/wp-content\/uploads\/2026\/02\/CARTELLS-FLYERS.jpg","type":"image\/jpeg"}],"twitter_card":"summary_large_image","twitter_misc":{"Tiempo de lectura":"1 minuto"},"schema":{"@context":"https:\/\/schema.org","@graph":[{"@type":"WebPage","@id":"https:\/\/academiabellesarts.org\/exposicio\/1925-2025\/","url":"https:\/\/academiabellesarts.org\/exposicio\/1925-2025\/","name":"1925 - 2025 - Acad\u00e8mia de Belles Arts de Sabadell FP","isPartOf":{"@id":"https:\/\/academiabellesarts.org\/#website"},"primaryImageOfPage":{"@id":"https:\/\/academiabellesarts.org\/exposicio\/1925-2025\/#primaryimage"},"image":{"@id":"https:\/\/academiabellesarts.org\/exposicio\/1925-2025\/#primaryimage"},"thumbnailUrl":"https:\/\/academiabellesarts.org\/wp-content\/uploads\/2026\/02\/CARTELLS-FLYERS.jpg","datePublished":"2026-02-13T19:13:20+00:00","dateModified":"2026-03-26T18:57:53+00:00","description":"Per acompanyar l\u2019obra de cada un de nosaltres, pens\u00e0rem a realitzar una s\u00e8rie de peces de cer\u00e0mica de lliure format. Per aix\u00f2, ens v\u00e0rem posar d\u2019acord amb una altra ceramista, la Maria Torruella, amb qui durant alguns mesos hem treballat conjuntament decidint formes i textures.Malauradament en Benet ens va deixar just despr\u00e9s de realitzar el seu gerro, i aix\u00ed \u00e9s que hem continuat el projecte amb la voluntat que sigui al mateix temps un homenatge a ell.","breadcrumb":{"@id":"https:\/\/academiabellesarts.org\/exposicio\/1925-2025\/#breadcrumb"},"inLanguage":"es","potentialAction":[{"@type":"ReadAction","target":["https:\/\/academiabellesarts.org\/exposicio\/1925-2025\/"]}]},{"@type":"ImageObject","inLanguage":"es","@id":"https:\/\/academiabellesarts.org\/exposicio\/1925-2025\/#primaryimage","url":"https:\/\/academiabellesarts.org\/wp-content\/uploads\/2026\/02\/CARTELLS-FLYERS.jpg","contentUrl":"https:\/\/academiabellesarts.org\/wp-content\/uploads\/2026\/02\/CARTELLS-FLYERS.jpg","width":2245,"height":1587},{"@type":"BreadcrumbList","@id":"https:\/\/academiabellesarts.org\/exposicio\/1925-2025\/#breadcrumb","itemListElement":[{"@type":"ListItem","position":1,"name":"Inici","item":"https:\/\/academiabellesarts.org\/"},{"@type":"ListItem","position":2,"name":"1925 &#8211; 2025"}]},{"@type":"WebSite","@id":"https:\/\/academiabellesarts.org\/#website","url":"https:\/\/academiabellesarts.org\/","name":"Acad\u00e8mia de Belles Arts de Sabadell FP","description":"Entitat dedicada a la promoci\u00f3 i divulgaci\u00f3 de la cultura art\u00edstica local","publisher":{"@id":"https:\/\/academiabellesarts.org\/#organization"},"potentialAction":[{"@type":"SearchAction","target":{"@type":"EntryPoint","urlTemplate":"https:\/\/academiabellesarts.org\/?s={search_term_string}"},"query-input":{"@type":"PropertyValueSpecification","valueRequired":true,"valueName":"search_term_string"}}],"inLanguage":"es"},{"@type":"Organization","@id":"https:\/\/academiabellesarts.org\/#organization","name":"Acad\u00e8mia de Belles Arts de Sabadell FP","url":"https:\/\/academiabellesarts.org\/","logo":{"@type":"ImageObject","inLanguage":"es","@id":"https:\/\/academiabellesarts.org\/#\/schema\/logo\/image\/","url":"https:\/\/academiabellesarts.org\/wp-content\/uploads\/2024\/03\/cropped-logos-junts.png","contentUrl":"https:\/\/academiabellesarts.org\/wp-content\/uploads\/2024\/03\/cropped-logos-junts.png","width":3367,"height":960,"caption":"Acad\u00e8mia de Belles Arts de Sabadell FP"},"image":{"@id":"https:\/\/academiabellesarts.org\/#\/schema\/logo\/image\/"},"sameAs":["https:\/\/www.instagram.com\/academiabellesarts\/"]}]}},"taxonomy_info":{"data":[{"value":83,"label":"2025\/2026"}],"actives":[{"value":19,"label":"Exposicions passades"}]},"featured_image_src_large":["https:\/\/academiabellesarts.org\/wp-content\/uploads\/2026\/02\/CARTELLS-FLYERS-1024x724.jpg",1024,724,true],"author_info":[],"comment_info":"","_links":{"self":[{"href":"https:\/\/academiabellesarts.org\/esp\/wp-json\/wp\/v2\/exposicio\/3750","targetHints":{"allow":["GET"]}}],"collection":[{"href":"https:\/\/academiabellesarts.org\/esp\/wp-json\/wp\/v2\/exposicio"}],"about":[{"href":"https:\/\/academiabellesarts.org\/esp\/wp-json\/wp\/v2\/types\/exposicio"}],"version-history":[{"count":1,"href":"https:\/\/academiabellesarts.org\/esp\/wp-json\/wp\/v2\/exposicio\/3750\/revisions"}],"predecessor-version":[{"id":3752,"href":"https:\/\/academiabellesarts.org\/esp\/wp-json\/wp\/v2\/exposicio\/3750\/revisions\/3752"}],"wp:featuredmedia":[{"embeddable":true,"href":"https:\/\/academiabellesarts.org\/esp\/wp-json\/wp\/v2\/media\/3751"}],"wp:attachment":[{"href":"https:\/\/academiabellesarts.org\/esp\/wp-json\/wp\/v2\/media?parent=3750"}],"wp:term":[{"taxonomy":"data","embeddable":true,"href":"https:\/\/academiabellesarts.org\/esp\/wp-json\/wp\/v2\/data?post=3750"},{"taxonomy":"actives","embeddable":true,"href":"https:\/\/academiabellesarts.org\/esp\/wp-json\/wp\/v2\/actives?post=3750"}],"curies":[{"name":"wp","href":"https:\/\/api.w.org\/{rel}","templated":true}]}}